{"id":59,"date":"2017-05-03T18:09:37","date_gmt":"2017-05-03T16:09:37","guid":{"rendered":"http:\/\/marleneassayag.com\/?page_id=59"},"modified":"2022-08-25T11:56:59","modified_gmt":"2022-08-25T09:56:59","slug":"presse","status":"publish","type":"page","link":"http:\/\/marleneassayag.com\/?page_id=59","title":{"rendered":"Presse"},"content":{"rendered":"<p><strong><em>Il Sedecia<\/em><\/strong><strong> de Scarlatti<\/strong> \u2013 R\u00f4le d\u2019Ismaele<\/p>\n<p>Chaise-Dieu \u2013 Ao\u00fbt 2022<\/p>\n<p>\u00ab\u00a0Rempla\u00e7ant au pied lev\u00e9 Emmanuelle de Negri en Ismaele, <strong>Marl\u00e8ne Assayag<\/strong> suscite l\u2019admiration par sa ma\u00eetrise de ce r\u00f4le \u00e9crasant, sa ligne vocale toujours soutenue, son timbre chaleureux au vibrato discret. Parfaitement projet\u00e9e, la voix est belle sur tout un large ambitus\u00a0; les vocalises sont impeccables, notamment dans \u00ab\u00a0Il nitrito dei fieri cavalli\u00a0\u00bb, morceau de bravoure qui d\u00e9crit \u00ab\u00a0le hennissement des chevaux cruels\u00a0\u00bb \u00e0 c\u00f4t\u00e9 du joli hautbois de Clara Espinosa Encinas, tr\u00e8s sollicit\u00e9 tout au long de l\u2019\u0153uvre m\u00eame si ici il se fait parfois un peu trop discret. Pour son interpr\u00e9tation du \u00ab\u00a0tube\u00a0\u00bb \u00ab\u00a0Caldo sangue\u00a0\u00bb, qui \u00e9voque le \u00ab\u00a0sang chaud\u00a0\u00bb coulant sur la poitrine du jeune homme transperc\u00e9e par une \u00e9p\u00e9e babylonienne, Marl\u00e8ne Assayag chante avec une sobri\u00e9t\u00e9 bouleversante, sur le fil d\u2019un <em>piano<\/em> tout en \u00e9motion retenue, accompagn\u00e9e par une viole de gambe et des violons au diapason pour l\u2019un des grands moments de la soir\u00e9e.\u00a0\u00bb<\/p>\n<p>Forum Op\u00e9ra, Anne Rouhette<\/p>\n<p>&nbsp;<\/p>\n<p>\u00ab\u00a0La soprano <strong>Marl\u00e8ne Assayag<\/strong> remplace au pied lev\u00e9 <strong>Emmanuelle de Negri<\/strong>, emp\u00each\u00e9e, et impressionne tant par sa ma\u00eetrise technique que par sa sensibilit\u00e9 dans ce r\u00f4le de prince fougueux et passionn\u00e9. Lui sont d\u00e9volus certains airs parmi les plus virtuoses de l\u2019\u0153uvre. La voix est claire mais n\u2019est pas sans rondeur et elle sied bien \u00e0 la jeunesse du personnage. D\u00e8s sa premi\u00e8re <em>aria<\/em>, \u00ab\u00a0<em>Del mio cor nel pi\u00f9 segreto\u00a0\u00bb<\/em>, c\u2019est une \u00e2me qui est d\u00e9voil\u00e9e au public, donnant le ton de l\u2019ensemble de l\u2019\u0153uvre. Et c\u2019est une \u00e2me qui s\u2019\u00e9teint dans l\u2019air d\u2019agonie <em>Caldo sangue<\/em> qui tend vers le silence.\u00a0\u00bb<\/p>\n<p>Premi\u00e8re Loge, Patrice Gay<\/p>\n<p>&nbsp;<\/p>\n<p><strong><em>Olimpiade<\/em><\/strong><strong> de Vivaldi<\/strong> \u2013 R\u00f4le d\u2019Aminta<\/p>\n<p>Th\u00e9\u00e2tre des Champs-Elys\u00e9es \u2013 F\u00e9vrier 2022<\/p>\n<p>\u00ab\u00a0Enfin, <a href=\"https:\/\/bachtrack.com\/fr_FR\/performer\/marlene-assayag\">Marl\u00e8ne Assayag<\/a> (Aminta) confirme les grands espoirs actuellement plac\u00e9s en elle\u00a0: la virtuosit\u00e9 est impressionnante, mais c\u2019est surtout l\u2019\u00e9motion \u00e9manant de son chant que l\u2019on retiendra, avec notamment un superbe \u00ab\u00a0<em>Son qual per mare ignoto<\/em>\u00a0\u00bb, dont la reprise finale, chant\u00e9e pianissimo, est de toute beaut\u00e9.\u00a0\u00bb<\/p>\n<p>Bachtrack, St\u00e9phane Leli\u00e8vre<\/p>\n<p>&nbsp;<\/p>\n<p><em><strong>Le Voyage dans la Lune<\/strong><\/em><strong> d&#8217;Offenbach <\/strong><\/p>\n<p>Massy &#8211; Janvier 2015<\/p>\n<p>&#8220;Une mention toute sp\u00e9ciale \u00e0 l&#8217;excellent Prince Caprice de Marl\u00e8ne Assayag, qui poss\u00e8de parfaitement le style d&#8217;Offenbach, qu&#8217;elle agr\u00e9mente d&#8217;un jeu et d&#8217;une prononciation parfaits&#8221;<\/p>\n<p>Forum Op\u00e9ra &#8211; Jean-Marcel Humbert<\/p>\n<p>&nbsp;<\/p>\n<p><em><strong>Il Re pastore<\/strong><\/em><strong> de<\/strong> <strong>Mozart<\/strong><\/p>\n<p>Brest &#8211; D\u00e9cembre 2014<\/p>\n<p>&#8220;S&#8217;il ne fallait retenir qu&#8217;un moment magique de cet op\u00e9ra de jeunesse, donn\u00e9 au Quartz mardi soir, face \u00e0 un public heureux de retrouver l&#8217;Ensemble Matheus, la palme d&#8217;or reviendrait sans conteste \u00e0 l&#8217;air d&#8217;Aminta dialoguant avec le premier violon. Un grand bravo \u00e0 Marl\u00e8ne Assayag et Laurence Paugam qui apportent une densit\u00e9 po\u00e9tique toute mozartienne \u00e0 leur interpr\u00e9tation&#8221;<\/p>\n<p>Ouest-France<\/p>\n<p>&nbsp;<\/p>\n<p>&nbsp;<\/p>\n<p><strong>R\u00e9cital &#8220;Voix Nouvelles&#8221;<\/strong><\/p>\n<p>Orange &#8211; Mai 2014<\/p>\n<p>&#8220;La soprano parisienne Marl\u00e8ne Assayag ouvre la soir\u00e9e avec un feu d&#8217;artifice vocal \u00e9tonnant, foisonnant de difficult\u00e9s. culott\u00e9 d&#8217;ouvrir son programme avec ce &#8220;Je t&#8217;aime&#8221;, vocalise pour soprano et piano d&#8217;Isabelle Aboulker. Et c&#8217;est parfait. Joie, rire, pleurs, passions, tout y passe, avec perfection, aussi bien dans les vocalises p\u00e9rilleuses que dans le jeu. La voix, juste et pure, sonne comme le cristal. Plus tard, dans le seconde partie, Marl\u00e8ne Assayag campe, de la m\u00eame fa\u00e7on, une Reine de la Nuit furieuse et \u00e9blouissante.&#8221;<\/p>\n<p>Musique en Provence &#8211; Francis Pabst<\/p>\n<p>&nbsp;<\/p>\n<p>&nbsp;<\/p>\n<p><strong><em>Don Giovanni\u00a0<\/em><\/strong><strong>de Mozart<\/strong><\/p>\n<p>Festival de Saint-C\u00e9r\u00e9 &#8211; Ao\u00fbt 2013<\/p>\n<p>&#8221; C\u00f4t\u00e9 f\u00e9minin, la soprano Marl\u00e8ne Assayag (Donna Anna) domine avec son chant tr\u00e8s mozartien dont la puissance n&#8217;a d&#8217;\u00e9gale que la subtilit\u00e9 du phras\u00e9.&#8221;<\/p>\n<p>Rue du Th\u00e9\u00e2tre &#8211; N\u00f6el Tinazzi<\/p>\n<p>&nbsp;<\/p>\n<p>&nbsp;<\/p>\n","protected":false},"excerpt":{"rendered":"<p>Il Sedecia de Scarlatti \u2013 R\u00f4le d\u2019Ismaele Chaise-Dieu \u2013 Ao\u00fbt 2022 \u00ab\u00a0Rempla\u00e7ant au pied lev\u00e9 Emmanuelle de Negri en Ismaele, Marl\u00e8ne Assayag suscite l\u2019admiration par sa ma\u00eetrise de ce r\u00f4le &#8230;<\/p>\n","protected":false},"author":1,"featured_media":0,"parent":0,"menu_order":6,"comment_status":"closed","ping_status":"closed","template":"","meta":{"footnotes":""},"_links":{"self":[{"href":"http:\/\/marleneassayag.com\/index.php?rest_route=\/wp\/v2\/pages\/59"}],"collection":[{"href":"http:\/\/marleneassayag.com\/index.php?rest_route=\/wp\/v2\/pages"}],"about":[{"href":"http:\/\/marleneassayag.com\/index.php?rest_route=\/wp\/v2\/types\/page"}],"author":[{"embeddable":true,"href":"http:\/\/marleneassayag.com\/index.php?rest_route=\/wp\/v2\/users\/1"}],"replies":[{"embeddable":true,"href":"http:\/\/marleneassayag.com\/index.php?rest_route=%2Fwp%2Fv2%2Fcomments&post=59"}],"version-history":[{"count":4,"href":"http:\/\/marleneassayag.com\/index.php?rest_route=\/wp\/v2\/pages\/59\/revisions"}],"predecessor-version":[{"id":154,"href":"http:\/\/marleneassayag.com\/index.php?rest_route=\/wp\/v2\/pages\/59\/revisions\/154"}],"wp:attachment":[{"href":"http:\/\/marleneassayag.com\/index.php?rest_route=%2Fwp%2Fv2%2Fmedia&parent=59"}],"curies":[{"name":"wp","href":"https:\/\/api.w.org\/{rel}","templated":true}]}}